{"id":15275,"date":"2023-05-18T23:08:19","date_gmt":"2023-05-18T21:08:19","guid":{"rendered":"https:\/\/verteco.shop\/integritetspolicy"},"modified":"2024-08-20T18:55:33","modified_gmt":"2024-08-20T16:55:33","slug":"integritetspolicy","status":"publish","type":"page","link":"https:\/\/verteco.shop\/sv\/integritetspolicy\/","title":{"rendered":"Integritetspolicy"},"content":{"rendered":"\t\t<div data-elementor-type=\"wp-page\" data-elementor-id=\"15275\" class=\"elementor elementor-15275 elementor-7044\" data-elementor-post-type=\"page\">\n\t\t\t\t\t\t<section class=\"elementor-section elementor-top-section elementor-element elementor-element-20c115e2 elementor-section-boxed elementor-section-height-default elementor-section-height-default\" data-id=\"20c115e2\" data-element_type=\"section\" data-e-type=\"section\">\n\t\t\t\t\t\t<div class=\"elementor-container elementor-column-gap-default\">\n\t\t\t\t\t<div class=\"elementor-column elementor-col-100 elementor-top-column elementor-element elementor-element-7140ffb9\" data-id=\"7140ffb9\" data-element_type=\"column\" data-e-type=\"column\">\n\t\t\t<div class=\"elementor-widget-wrap elementor-element-populated\">\n\t\t\t\t\t\t<div class=\"elementor-element elementor-element-d8fbd51 elementor-widget elementor-widget-heading\" data-id=\"d8fbd51\" data-element_type=\"widget\" data-e-type=\"widget\" data-widget_type=\"heading.default\">\n\t\t\t\t<div class=\"elementor-widget-container\">\n\t\t\t\t\t<h2 class=\"elementor-heading-title elementor-size-default\">Integritetspolicy<\/h2>\t\t\t\t<\/div>\n\t\t\t\t<\/div>\n\t\t\t\t\t<\/div>\n\t\t<\/div>\n\t\t\t\t\t<\/div>\n\t\t<\/section>\n\t\t\t\t<section class=\"elementor-section elementor-top-section elementor-element elementor-element-47743373 elementor-section-boxed elementor-section-height-default elementor-section-height-default\" data-id=\"47743373\" data-element_type=\"section\" data-e-type=\"section\">\n\t\t\t\t\t\t<div class=\"elementor-container elementor-column-gap-default\">\n\t\t\t\t\t<div class=\"elementor-column elementor-col-100 elementor-top-column elementor-element elementor-element-54aab426\" data-id=\"54aab426\" data-element_type=\"column\" data-e-type=\"column\">\n\t\t\t<div class=\"elementor-widget-wrap elementor-element-populated\">\n\t\t\t\t\t\t<div class=\"elementor-element elementor-element-369420f6 elementor-widget elementor-widget-text-editor\" data-id=\"369420f6\" data-element_type=\"widget\" data-e-type=\"widget\" data-widget_type=\"text-editor.default\">\n\t\t\t\t<div class=\"elementor-widget-container\">\n\t\t\t\t\t\t\t\t\t<p>i den mening som avses i artikel 19 och f\u00f6ljande artiklar. av lag nr 18\/2018 saml.  om skydd av personuppgifter och om \u00e4ndringar och till\u00e4gg till vissa lagar, i dess \u00e4ndrade lydelse, i enlighet med artiklarna 13 och 14 i Europaparlamentets och r\u00e5dets f\u00f6rordning (EU) 2016\/679 av den 27 april 2016 om skydd f\u00f6r fysiska personer med avseende p\u00e5 behandling av personuppgifter och om fri r\u00f6rlighet f\u00f6r s\u00e5dana uppgifter, och om upph\u00e4vande av direktiv 95\/46\/EG (allm\u00e4n dataskyddsf\u00f6rordning) (nedan kallat &#8221;GDPR&#8221;).<\/p>\n<p>Enligt best\u00e4mmelserna i artikel 19 ff. av lag nr 18\/2018 saml. om Personuppgiftsskydd i dess \u00e4ndrade lydelse (nedan kallad &#8221;Personuppgiftslagen&#8221;), f\u00f6rser vi dig h\u00e4rmed som registrerad med f\u00f6ljande information om behandlingen av dina personuppgifter.  <\/p>\n<p><strong>personuppgiftsansvarig:<\/strong><br \/> Den registeransvarige \u00e4r f\u00f6retaget <strong>Elite Digital Services<\/strong> , med sitt registrerade kontor p\u00e5 1111B S Governors Ave, STE 21653, Dover, DE 19904, USA representerat av: Norman Bytri\u010dan (h\u00e4danefter kallad &#8221;kontrollanten&#8221;).<\/p>\n<p>Kontaktuppgifter:<\/p>\n<p><strong>  E-post: info@verteco.shop<br \/> Telefon: +32 480 20 46 99<\/strong><\/p>\n<p><strong>Tillg\u00e5ng till personuppgifter:<\/strong><\/p>\n<p>Vid behandling av personuppgifter kan, f\u00f6rutom den personuppgiftsansvarige och de f\u00f6retag som \u00e4r relaterade till Elite Digital Services, LLC, och deras anst\u00e4llda, andra personer som behandlar personuppgifter som personuppgiftsbitr\u00e4de ha tillg\u00e5ng till personuppgifter. En specifik, kontinuerligt uppdaterad lista \u00f6ver personuppgiftsbitr\u00e4den, dvs. mottagare av personuppgifter som behandlas p\u00e5 uppdrag av den registeransvarige, i f\u00f6ljande kategorier: <\/p>\n<p>\u2022 F\u00f6retag som tillhandah\u00e5ller marknadsf\u00f6ringstj\u00e4nster<br \/> \u2022 F\u00f6retag som tillhandah\u00e5ller l\u00f6ne- och redovisningstj\u00e4nster<br \/> \u2022 F\u00f6retag som tillhandah\u00e5ller interna och externa revisionstj\u00e4nster<\/p>\n<p><strong><br \/>R\u00e4ttslig grund:<\/strong><\/p>\n<p>Den r\u00e4ttsliga grunden f\u00f6r behandling av personuppgifter \u00e4r som regel fullg\u00f6rande av den lagstadgade skyldigheten (s\u00e4rskilt lag nr 18\/2018 Coll. om skydd av personuppgifter), ing\u00e5ende, f\u00f6rvaltning och fullg\u00f6rande av avtalsf\u00f6rpliktelser som f\u00f6ljer av anst\u00e4llnings- och kommersiella avtal, det ber\u00e4ttigade intresset, vilket \u00e4r skyddet av den personuppgiftsansvariges och hans anst\u00e4lldas r\u00e4ttigheter och intressen som skyddas av r\u00e4ttighet, samt samtycke fr\u00e5n den registrerade (fr\u00e4mst f\u00f6r marknadsf\u00f6ring, t\u00e4vlingar, sociala evenemang , etc.). Samtycket till behandling av personuppgifter m\u00e5ste l\u00e4mnas frivilligt och den registrerade kan n\u00e4r som helst \u00e5terkalla samtycket. Samtycket \u00e4r dock n\u00f6dv\u00e4ndigt f\u00f6r att den personuppgiftsansvarige ska s\u00e4kerst\u00e4lla till exempel f\u00f6retagsevenemang och liknande, och utan s\u00e5dant samtycke har den personuppgiftsansvarige inte r\u00e4tt att tillhandah\u00e5lla tj\u00e4nsterna i fr\u00e5ga. Om den registrerade v\u00e4grar att f\u00f6rse den personuppgiftsansvarige med de personuppgifter som kr\u00e4vs f\u00f6r att uppfylla den personuppgiftsansvariges avtalsenliga skyldigheter eller f\u00f6lja lagen, \u00e4r den personuppgiftsansvarige inte skyldig att ing\u00e5 ett avtal eller tillhandah\u00e5lla n\u00e5gra andra tj\u00e4nster.   <\/p>\n<p><strong><br \/>Behandlade personuppgifter:<\/strong><\/p>\n<p>Vi samlar in v\u00e5ra handlares kunders namn, e-post, leverans- och faktureringsadress, betalningsinformation, f\u00f6retagsnamn, telefonnummer, IP-adress, information om best\u00e4llningar du initierar, information om Elite Digital Services &#8211; handelsbutiker som st\u00f6ds som du bes\u00f6ker och information om enheten och webbl\u00e4saren du anv\u00e4nder. Vi samlar in denna information n\u00e4r du anv\u00e4nder eller kommer \u00e5t en butik som anv\u00e4nder v\u00e5ra tj\u00e4nster, till exempel n\u00e4r du bes\u00f6ker en s\u00e4ljares webbplats, g\u00f6r en best\u00e4llning eller registrerar dig f\u00f6r ett konto p\u00e5 en handlares webbplats. N\u00e4r du bes\u00f6ker eller surfar p\u00e5 webbplatsen verteco.shop CSS-tj\u00e4nster samlar vi in \u200b\u200binformation om enheten och webbl\u00e4saren du anv\u00e4nder, din n\u00e4tverksanslutning, din IP-adress och information om de cookies som \u00e4r installerade p\u00e5 din enhet. Vi samlar ocks\u00e5 in personlig information som du l\u00e4mnat via alla meddelandefunktioner som \u00e4r tillg\u00e4ngliga fr\u00e5n v\u00e5r webbplats. Fr\u00e5n forumanv\u00e4ndare samlar vi in \u200b\u200bditt namn, din e-postadress, webbadress och annan personlig information som du kan publicera.    <\/p>\n<p><strong><br \/>Syfte med bearbetning och delning:<\/strong><\/p>\n<p>Vi anv\u00e4nder denna information f\u00f6r att f\u00f6rse v\u00e5ra handlare med tj\u00e4nsterna, inklusive support och bearbetning av best\u00e4llningar, autentisering och betalningar. Vi anv\u00e4nder \u00e4ven denna information f\u00f6r att f\u00f6rb\u00e4ttra v\u00e5ra tj\u00e4nster. Elite Digital Services, LLC, arbetar ocks\u00e5 med en tredje part och tj\u00e4nsteleverant\u00f6rer f\u00f6r att hj\u00e4lpa v\u00e5ra handlare med tj\u00e4nsterna och vi kan dela personlig information med dem f\u00f6r att st\u00f6dja dessa anstr\u00e4ngningar. Vi kan ocks\u00e5 dela din information under f\u00f6ljande omst\u00e4ndigheter:   <\/p>\n<ul>\n<li>f\u00f6r att f\u00f6rhindra, unders\u00f6ka eller vidta \u00e5tg\u00e4rder ang\u00e5ende olaglig verksamhet, misst\u00e4nkt bedr\u00e4geri, situationer som involverar potentiella hot mot n\u00e5gon persons fysiska s\u00e4kerhet, brott mot v\u00e5ra anv\u00e4ndarvillkor eller n\u00e5got annat avtal relaterat till tj\u00e4nsterna, eller som p\u00e5 annat s\u00e4tt kr\u00e4vs av lag.<\/li>\n<li>Om handlaren vars butik du bes\u00f6ker eller har tillg\u00e5ng till uppmanar oss att \u00f6verf\u00f6ra denna information (till exempel om de aktiverar en tredjepartsapp som kommer \u00e5t kundens personliga information).<\/li>\n<li>f\u00f6r att f\u00f6lja juridiska krav, eller f\u00f6r att svara p\u00e5 lagliga domstolsbeslut, st\u00e4mningar, beslut eller andra f\u00f6rfr\u00e5gningar fr\u00e5n offentliga myndigheter (inklusive f\u00f6r att uppfylla nationell s\u00e4kerhet eller brottsbek\u00e4mpande krav).<\/li>\n<\/ul>\n<p>Personlig information kan ocks\u00e5 delas med ett f\u00f6retag som f\u00f6rv\u00e4rvar v\u00e5r verksamhet eller verksamheten hos en handlare vars butik du bes\u00f6ker eller har tillg\u00e5ng till, antingen genom fusion, f\u00f6rv\u00e4rv, konkurs, uppl\u00f6sning, rekonstruktion eller annan liknande transaktion eller f\u00f6rfarande.<\/p>\n<p><strong><br \/>Lagring av personuppgifter och behandlingens varaktighet:<\/strong><\/p>\n<p>Den personuppgiftsansvarige \u00e4r beh\u00f6rig att behandla registrerades personuppgifter under en tidsperiod som best\u00e4ms i enlighet med relevant lagstiftning. Behandling av personuppgifter efter ett samtycke ska endast vara m\u00f6jlig f\u00f6r den period f\u00f6r vilken samtycket l\u00e4mnats. Samtycket ges till den personuppgiftsansvarige f\u00f6r de f\u00f6ljande tre (3) \u00e5ren eller fram till det \u00f6gonblick d\u00e5 samtycket \u00e5terkallas. Vid utg\u00e5ngen av den relevanta perioden kommer personuppgifter att raderas om deras lagring inte kr\u00e4vs enligt relevant lagstiftning.   <\/p>\n<p><strong><br \/>R\u00e4ttigheter f\u00f6r registrerade i samband med behandling av personuppgifter:<\/strong><\/p>\n<p>N\u00e4r det g\u00e4ller behandling av personuppgifter kan registrerade ut\u00f6va f\u00f6ljande r\u00e4ttigheter:<\/p>\n<ul>\n<li>r\u00e4tten att f\u00e5 tillg\u00e5ng till och f\u00e5 information om sina personuppgifter;<\/li>\n<li>r\u00e4tten till r\u00e4ttelse av personuppgifter;<\/li>\n<li>r\u00e4tten till radering av personuppgifter;<\/li>\n<li>r\u00e4tten till begr\u00e4nsning av behandling av personuppgifter<\/li>\n<li>r\u00e4tten till portabilitet av personuppgifter;<\/li>\n<li>r\u00e4tten att inv\u00e4nda mot behandlingen av personuppgifter;<\/li>\n<li>r\u00e4tten till ineffektiviteten av automatiserat individuellt beslutsfattande, inklusive profilering;<\/li>\n<li>r\u00e4tten att n\u00e4r som helst \u00e5terkalla samtycke (om samtycke \u00e4r den r\u00e4ttsliga grunden f\u00f6r behandlingen);<\/li>\n<li>r\u00e4tten att v\u00e4cka talan om att inleda f\u00f6rfarande enligt artikel 100 ff. personuppgiftslagen med tillsynsmyndigheten. <\/li>\n<\/ul>\n<p>De registrerade kan ut\u00f6va ovanst\u00e5ende r\u00e4ttigheter, vilka specificeras n\u00e4rmare i best\u00e4mmelserna i artikel 21 ff. i personuppgiftslagen, i enlighet med personuppgiftslagen och GDPR samt annan relevant lagstiftning. Registrerade kan ut\u00f6va sina r\u00e4ttigheter gentemot den personuppgiftsansvarige genom en skriftlig beg\u00e4ran som skickas eller levereras till kontrollantens s\u00e4te eller via e-post skickad till adressen: info@verteco.shop<br \/> Beg\u00e4ran ska inneh\u00e5lla f\u00f6ljande information: namn, efternamn, f\u00f6delsedatum och permanent adress s\u00e5 att den registeransvarige kan identifiera den registrerade. Den registeransvarige kan beg\u00e4ra tillhandah\u00e5llande av ytterligare information som \u00e4r n\u00f6dv\u00e4ndig f\u00f6r att verifiera den registrerades identitet om han hyser rimliga tvivel ang\u00e5ende den fysiska personens identitet. Den registeransvarige \u00e4r skyldig att inom en (1) m\u00e5nad fr\u00e5n mottagandet av beg\u00e4ran ge den registrerade information om de \u00e5tg\u00e4rder som vidtagits p\u00e5 dennes beg\u00e4ran. I motiverade fall, med h\u00e4nsyn till komplexiteten och antalet f\u00f6rfr\u00e5gningar, kan den registeransvarige f\u00f6rl\u00e4nga ovanst\u00e5ende period med ytterligare tv\u00e5 (2) m\u00e5nader, \u00e4ven upprepade g\u00e5nger. Den personuppgiftsansvarige \u00e4r skyldig att informera den registrerade om en s\u00e5dan f\u00f6rl\u00e4ngning inom en (1) m\u00e5nad efter mottagandet av beg\u00e4ran, med angivande av sk\u00e4len till f\u00f6rl\u00e4ngningen av tidsfristen. Om den registrerade har l\u00e4mnat in beg\u00e4ran i elektronisk form ska den personuppgiftsansvarige l\u00e4mna informationen i elektronisk form, om inte den registrerade beg\u00e4rt information p\u00e5 annat s\u00e4tt. Om den personuppgiftsansvarige underl\u00e5ter att vidta \u00e5tg\u00e4rder p\u00e5 den registrerades beg\u00e4ran, \u00e4r denne skyldig att inom en (1) m\u00e5nad fr\u00e5n mottagandet av beg\u00e4ran informera den registrerade om orsakerna till underl\u00e5tenheten att agera samt om m\u00f6jligheten. att l\u00e4mna in en yrkande om att inleda ett f\u00f6rfarande enligt artikel 100 i personuppgiftslagen till Byr\u00e5n f\u00f6r personuppgiftsskydd. Meddelanden om vidtagna \u00e5tg\u00e4rder ska l\u00e4mnas kostnadsfritt. Om beg\u00e4ran fr\u00e5n den registrerade \u00e4r uppenbart ogrundad eller ol\u00e4mplig, s\u00e4rskilt p\u00e5 grund av dess \u00e5terkommande karakt\u00e4r, kan den registeransvarige kr\u00e4va en rimlig avgift med h\u00e4nsyn till de administrativa kostnaderna f\u00f6r att tillhandah\u00e5lla informationen, eller en rimlig avgift med h\u00e4nsyn till de administrativa kostnaderna av anm\u00e4lan, eller en rimlig avgift med h\u00e4nsyn till de administrativa kostnaderna f\u00f6r att genomf\u00f6ra den beg\u00e4rda \u00e5tg\u00e4rden, eller v\u00e4gra att agera p\u00e5 beg\u00e4ran. Den registeransvarige ska bevisa att beg\u00e4ran \u00e4r ogrundad eller ol\u00e4mplig.           <\/p>\n<p>Elite Digital Services, LLC, f\u00f6rst\u00e5r att du har r\u00e4ttigheter \u00f6ver din personliga information och vidtar rimliga \u00e5tg\u00e4rder f\u00f6r att ge dig tillg\u00e5ng till, korrigera, \u00e4ndra, radera, portera eller begr\u00e4nsa anv\u00e4ndningen av din personliga information. Om du \u00e4r en handlare eller partner kan du uppdatera m\u00e5nga typer av personlig information, s\u00e5som betalnings- eller kontaktinformation, direkt i dina kontoinst\u00e4llningar. Om du inte kan \u00e4ndra din personliga information i dina kontoinst\u00e4llningar, eller om du \u00e4r orolig f\u00f6r data som samlas in n\u00e4r du bes\u00f6ker Elite Digital Services, LLCs webbplats eller anv\u00e4nder v\u00e5ra supporttj\u00e4nster, v\u00e4nligen kontakta oss f\u00f6r att g\u00f6ra de n\u00f6dv\u00e4ndiga \u00e4ndringarna. Det \u00e4r viktigt att komma ih\u00e5g att om du raderar eller begr\u00e4nsar anv\u00e4ndningen av din personliga information kanske tj\u00e4nsterna inte fungerar korrekt.   <\/p>\n\t\t\t\t\t\t\t\t<\/div>\n\t\t\t\t<\/div>\n\t\t\t\t\t<\/div>\n\t\t<\/div>\n\t\t\t\t\t<\/div>\n\t\t<\/section>\n\t\t\t\t<\/div>\n\t\t","protected":false},"excerpt":{"rendered":"<p>Integritetspolicy i den mening som avses i artikel 19 och f\u00f6ljande artiklar. av lag nr 18\/2018 saml. om skydd av personuppgifter och om \u00e4ndringar och till\u00e4gg till vissa lagar, i dess \u00e4ndrade lydelse, i enlighet med artiklarna 13 och 14 i Europaparlamentets och r\u00e5dets f\u00f6rordning (EU) 2016\/679 av den 27 april 2016 om skydd f\u00f6r [&hellip;]<\/p>\n","protected":false},"author":1,"featured_media":0,"parent":0,"menu_order":0,"comment_status":"closed","ping_status":"closed","template":"","meta":{"footnotes":""},"class_list":["post-15275","page","type-page","status-publish","hentry"],"_links":{"self":[{"href":"https:\/\/verteco.shop\/sv\/wp-json\/wp\/v2\/pages\/15275","targetHints":{"allow":["GET"]}}],"collection":[{"href":"https:\/\/verteco.shop\/sv\/wp-json\/wp\/v2\/pages"}],"about":[{"href":"https:\/\/verteco.shop\/sv\/wp-json\/wp\/v2\/types\/page"}],"author":[{"embeddable":true,"href":"https:\/\/verteco.shop\/sv\/wp-json\/wp\/v2\/users\/1"}],"replies":[{"embeddable":true,"href":"https:\/\/verteco.shop\/sv\/wp-json\/wp\/v2\/comments?post=15275"}],"version-history":[{"count":0,"href":"https:\/\/verteco.shop\/sv\/wp-json\/wp\/v2\/pages\/15275\/revisions"}],"wp:attachment":[{"href":"https:\/\/verteco.shop\/sv\/wp-json\/wp\/v2\/media?parent=15275"}],"curies":[{"name":"wp","href":"https:\/\/api.w.org\/{rel}","templated":true}]}}